{"id":43,"date":"2014-12-07T20:28:58","date_gmt":"2014-12-07T19:28:58","guid":{"rendered":"http:\/\/www.vs-halbturn.at\/wordpress\/?page_id=43"},"modified":"2025-10-10T10:39:07","modified_gmt":"2025-10-10T09:39:07","slug":"projekte-2","status":"publish","type":"page","link":"https:\/\/www.vs-halbturn.at\/wordpress\/projekte-2\/","title":{"rendered":"Projekte"},"content":{"rendered":"<h1 style=\"text-align: center;\"><span style=\"color: #ff00ff;\">Projekte<br \/>\n<\/span><\/h1>\n<h2>&nbsp;<\/h2>\n<h2 style=\"text-align: center;\"><span style=\"color: #800080;\">Wir sind Leseschule ausgezeichnet mit dem Burgenl\u00e4ndischen Leseg\u00fctesiegel in Gold.<\/span><\/h2>\n<p><img loading=\"lazy\" decoding=\"async\" class=\"alignnone size-full wp-image-14442\" src=\"https:\/\/www.vs-halbturn.at\/wordpress\/wp-content\/uploads\/2024\/07\/Verleihung-Leseguetesiegel-VS-Halbturn-scaled.jpg\" alt=\"\" width=\"2560\" height=\"1707\" srcset=\"https:\/\/www.vs-halbturn.at\/wordpress\/wp-content\/uploads\/2024\/07\/Verleihung-Leseguetesiegel-VS-Halbturn-scaled.jpg 2560w, https:\/\/www.vs-halbturn.at\/wordpress\/wp-content\/uploads\/2024\/07\/Verleihung-Leseguetesiegel-VS-Halbturn-768x512.jpg 768w, https:\/\/www.vs-halbturn.at\/wordpress\/wp-content\/uploads\/2024\/07\/Verleihung-Leseguetesiegel-VS-Halbturn-1536x1024.jpg 1536w, https:\/\/www.vs-halbturn.at\/wordpress\/wp-content\/uploads\/2024\/07\/Verleihung-Leseguetesiegel-VS-Halbturn-2048x1366.jpg 2048w, https:\/\/www.vs-halbturn.at\/wordpress\/wp-content\/uploads\/2024\/07\/Verleihung-Leseguetesiegel-VS-Halbturn-624x416.jpg 624w\" sizes=\"auto, (max-width: 2560px) 100vw, 2560px\" \/><\/p>\n<p>Unser Leseunterricht orientiert sich an drei S\u00e4ulen des Lesens, die das lesedidaktische Konzept bilden: <span style=\"color: #800080;\"><strong>Lesen trainieren<\/strong>, <strong>Lesen f\u00f6rdern<\/strong><\/span> und einen<span style=\"color: #800080;\"><strong> Zugang zu Sprache und Literatur<\/strong> <strong>vermitteln<\/strong>.<\/span><\/p>\n<ol>\n<li><span style=\"color: #800080;\"><strong>Lesetraining &#8211; Lesen kann keinen Spa\u00df machen, wenn der Umgang mit Buchstaben, W\u00f6rtern, S\u00e4tzen und dem Verstehen von ganzen Texten zu viel M\u00fche macht. \u00dcbungen zum Aufbau der Lesefertigkeit, der Lesegel\u00e4ufigkeit, dem Textverstehen und der Anwendung von Lesestrategien sind Inhalte unseres Leseunterrichtes.<\/strong><\/span><\/li>\n<li><span style=\"color: #800080;\"><strong>Lesef\u00f6rderung &#8211; Ein Training ist nur dann wirksam, wenn auch ein Interesse am Gelesenen entwickelt wird. Kinder m\u00fcssen f\u00fcr das Lesen gewonnen werden. Gut lesen und gern lesen geh\u00f6rt zusammen. Eine Vielfalt an Lekt\u00fcren, aktuelle Themen, weiterf\u00fchrende Tipps zu verschiedenen Beitr\u00e4gen schaffen die anregende Umgebung, die als Rutschbahn zum Lesen funktionieren kann.<\/strong><\/span><\/li>\n<li><span style=\"color: #800080;\"><strong>Literarische Bildung &#8211; Leselust bedeutet auch, Erfahrungen mit Texten zu machen, die Geschichten erz\u00e4hlen, die zum Weiterlesen verf\u00fchren.<\/strong><\/span><\/li>\n<\/ol>\n<p>Zus\u00e4tzlich zu unseren gut ausgestatteten <span style=\"color: #800080;\"><strong>Klassenb\u00fcchereien<\/strong><\/span> bieten wir die <span style=\"color: #800080;\"><strong>Sch\u00fclerzeitschriften von Jung\u00f6sterreich &#8230;<\/strong> <\/span>an. Die Grundlage der inhaltlichen Aufbereitung von Mini-Spatzenpost und Co bildet dabei das <strong><span style=\"color: #800080;\">Lesekonzept von Prof. Dr. Andrea Bertschi-Kaufmann<\/span><\/strong>, die schon viele Jahre in der Leseforschung t\u00e4tig ist. Ihrem Ansatz entsprechend bieten die Sch\u00fclerzeitschriften <span style=\"color: #800080;\"><strong>differenziert aufbereitete Inhalte<\/strong><\/span>, die in <span style=\"color: #800080;\"><strong>Anlehnung an die<\/strong> <strong>Lehrpl\u00e4ne dem Lesetraining, der Motivation und der literarischen Bildung<\/strong><\/span> dienen.<\/p>\n<p>Unterst\u00fctzt werden wir bei diesem Projekt auch durch <strong><span style=\"color: #800080;\">\u00f6sterreichische Autoren und Autorinnen<\/span><\/strong>, die in regelm\u00e4\u00dfigen Abst\u00e4nden in die Schule eingeladen werden, um den Kindern Geschichten vorzulesen. (Hannes H\u00f6rndler, Karin Ammerer, Christoph Mauz, Sonja Kaiblinger, &#8230;)<\/p>\n<h4><strong>&nbsp;<\/strong><\/h4>\n<p>&nbsp;<\/p>\n<p><img loading=\"lazy\" decoding=\"async\" class=\"wp-image-12910 alignnone\" src=\"https:\/\/www.vs-halbturn.at\/wordpress\/wp-content\/uploads\/2023\/01\/20230113_090805-scaled.jpg\" alt=\"\" width=\"338\" height=\"310\" srcset=\"https:\/\/www.vs-halbturn.at\/wordpress\/wp-content\/uploads\/2023\/01\/20230113_090805-scaled.jpg 2560w, https:\/\/www.vs-halbturn.at\/wordpress\/wp-content\/uploads\/2023\/01\/20230113_090805-768x706.jpg 768w, https:\/\/www.vs-halbturn.at\/wordpress\/wp-content\/uploads\/2023\/01\/20230113_090805-1536x1412.jpg 1536w, https:\/\/www.vs-halbturn.at\/wordpress\/wp-content\/uploads\/2023\/01\/20230113_090805-2048x1882.jpg 2048w, https:\/\/www.vs-halbturn.at\/wordpress\/wp-content\/uploads\/2023\/01\/20230113_090805-624x573.jpg 624w\" sizes=\"auto, (max-width: 338px) 100vw, 338px\" \/><\/p>\n<p><img loading=\"lazy\" decoding=\"async\" class=\"wp-image-12840 alignright\" src=\"https:\/\/www.vs-halbturn.at\/wordpress\/wp-content\/uploads\/2023\/01\/20230111_120011-scaled.jpg\" alt=\"\" width=\"351\" height=\"375\" srcset=\"https:\/\/www.vs-halbturn.at\/wordpress\/wp-content\/uploads\/2023\/01\/20230111_120011-scaled.jpg 2394w, https:\/\/www.vs-halbturn.at\/wordpress\/wp-content\/uploads\/2023\/01\/20230111_120011-768x821.jpg 768w, https:\/\/www.vs-halbturn.at\/wordpress\/wp-content\/uploads\/2023\/01\/20230111_120011-1436x1536.jpg 1436w, https:\/\/www.vs-halbturn.at\/wordpress\/wp-content\/uploads\/2023\/01\/20230111_120011-1915x2048.jpg 1915w, https:\/\/www.vs-halbturn.at\/wordpress\/wp-content\/uploads\/2023\/01\/20230111_120011-624x667.jpg 624w\" sizes=\"auto, (max-width: 351px) 100vw, 351px\" \/><img loading=\"lazy\" decoding=\"async\" class=\"wp-image-12836 alignleft\" src=\"https:\/\/www.vs-halbturn.at\/wordpress\/wp-content\/uploads\/2023\/01\/20230111_092042-scaled.jpg\" alt=\"\" width=\"369\" height=\"251\" srcset=\"https:\/\/www.vs-halbturn.at\/wordpress\/wp-content\/uploads\/2023\/01\/20230111_092042-scaled.jpg 2560w, https:\/\/www.vs-halbturn.at\/wordpress\/wp-content\/uploads\/2023\/01\/20230111_092042-768x522.jpg 768w, https:\/\/www.vs-halbturn.at\/wordpress\/wp-content\/uploads\/2023\/01\/20230111_092042-1536x1044.jpg 1536w, https:\/\/www.vs-halbturn.at\/wordpress\/wp-content\/uploads\/2023\/01\/20230111_092042-2048x1392.jpg 2048w, https:\/\/www.vs-halbturn.at\/wordpress\/wp-content\/uploads\/2023\/01\/20230111_092042-624x424.jpg 624w\" sizes=\"auto, (max-width: 369px) 100vw, 369px\" \/><\/p>\n<p><img loading=\"lazy\" decoding=\"async\" class=\"wp-image-12838 alignright\" src=\"https:\/\/www.vs-halbturn.at\/wordpress\/wp-content\/uploads\/2023\/01\/20230111_092114-scaled.jpg\" alt=\"\" width=\"369\" height=\"344\" srcset=\"https:\/\/www.vs-halbturn.at\/wordpress\/wp-content\/uploads\/2023\/01\/20230111_092114-scaled.jpg 2560w, https:\/\/www.vs-halbturn.at\/wordpress\/wp-content\/uploads\/2023\/01\/20230111_092114-768x715.jpg 768w, https:\/\/www.vs-halbturn.at\/wordpress\/wp-content\/uploads\/2023\/01\/20230111_092114-1536x1430.jpg 1536w, https:\/\/www.vs-halbturn.at\/wordpress\/wp-content\/uploads\/2023\/01\/20230111_092114-2048x1907.jpg 2048w, https:\/\/www.vs-halbturn.at\/wordpress\/wp-content\/uploads\/2023\/01\/20230111_092114-624x581.jpg 624w\" sizes=\"auto, (max-width: 369px) 100vw, 369px\" \/><img loading=\"lazy\" decoding=\"async\" class=\"wp-image-12842 alignleft\" src=\"https:\/\/www.vs-halbturn.at\/wordpress\/wp-content\/uploads\/2023\/01\/20230111_120518-scaled.jpg\" alt=\"\" width=\"295\" height=\"370\" srcset=\"https:\/\/www.vs-halbturn.at\/wordpress\/wp-content\/uploads\/2023\/01\/20230111_120518-scaled.jpg 2041w, https:\/\/www.vs-halbturn.at\/wordpress\/wp-content\/uploads\/2023\/01\/20230111_120518-768x963.jpg 768w, https:\/\/www.vs-halbturn.at\/wordpress\/wp-content\/uploads\/2023\/01\/20230111_120518-1225x1536.jpg 1225w, https:\/\/www.vs-halbturn.at\/wordpress\/wp-content\/uploads\/2023\/01\/20230111_120518-1633x2048.jpg 1633w, https:\/\/www.vs-halbturn.at\/wordpress\/wp-content\/uploads\/2023\/01\/20230111_120518-624x783.jpg 624w\" sizes=\"auto, (max-width: 295px) 100vw, 295px\" \/><img loading=\"lazy\" decoding=\"async\" class=\"wp-image-6350 alignright\" src=\"https:\/\/www.vs-halbturn.at\/wordpress\/wp-content\/uploads\/2018\/04\/IMG_5652.jpg\" alt=\"\" width=\"371\" height=\"278\" srcset=\"https:\/\/www.vs-halbturn.at\/wordpress\/wp-content\/uploads\/2018\/04\/IMG_5652.jpg 4320w, https:\/\/www.vs-halbturn.at\/wordpress\/wp-content\/uploads\/2018\/04\/IMG_5652-768x576.jpg 768w, https:\/\/www.vs-halbturn.at\/wordpress\/wp-content\/uploads\/2018\/04\/IMG_5652-624x468.jpg 624w\" sizes=\"auto, (max-width: 371px) 100vw, 371px\" \/><\/p>\n<p>&nbsp;<\/p>\n<p>&nbsp;<\/p>\n<p><img loading=\"lazy\" decoding=\"async\" class=\"wp-image-12903 alignright\" src=\"https:\/\/www.vs-halbturn.at\/wordpress\/wp-content\/uploads\/2023\/01\/20230127_123001-scaled.jpg\" alt=\"\" width=\"455\" height=\"473\" srcset=\"https:\/\/www.vs-halbturn.at\/wordpress\/wp-content\/uploads\/2023\/01\/20230127_123001-scaled.jpg 2464w, https:\/\/www.vs-halbturn.at\/wordpress\/wp-content\/uploads\/2023\/01\/20230127_123001-768x798.jpg 768w, https:\/\/www.vs-halbturn.at\/wordpress\/wp-content\/uploads\/2023\/01\/20230127_123001-1478x1536.jpg 1478w, https:\/\/www.vs-halbturn.at\/wordpress\/wp-content\/uploads\/2023\/01\/20230127_123001-1971x2048.jpg 1971w, https:\/\/www.vs-halbturn.at\/wordpress\/wp-content\/uploads\/2023\/01\/20230127_123001-624x648.jpg 624w\" sizes=\"auto, (max-width: 455px) 100vw, 455px\" \/><\/p>\n<p>&nbsp;<\/p>\n<p><img loading=\"lazy\" decoding=\"async\" class=\"wp-image-12828 alignleft\" src=\"https:\/\/www.vs-halbturn.at\/wordpress\/wp-content\/uploads\/2023\/01\/20161122_102442-scaled.jpg\" alt=\"\" width=\"373\" height=\"280\" srcset=\"https:\/\/www.vs-halbturn.at\/wordpress\/wp-content\/uploads\/2023\/01\/20161122_102442-scaled.jpg 2560w, https:\/\/www.vs-halbturn.at\/wordpress\/wp-content\/uploads\/2023\/01\/20161122_102442-768x576.jpg 768w, https:\/\/www.vs-halbturn.at\/wordpress\/wp-content\/uploads\/2023\/01\/20161122_102442-1536x1152.jpg 1536w, https:\/\/www.vs-halbturn.at\/wordpress\/wp-content\/uploads\/2023\/01\/20161122_102442-2048x1536.jpg 2048w, https:\/\/www.vs-halbturn.at\/wordpress\/wp-content\/uploads\/2023\/01\/20161122_102442-624x468.jpg 624w\" sizes=\"auto, (max-width: 373px) 100vw, 373px\" \/><\/p>\n<p>&nbsp;<\/p>\n<h2>&nbsp;<\/h2>\n<hr>\n<h2><span style=\"color: #800080;\">&#8222;Fr\u00fches Englisch ist wichtig&#8220;<\/span><\/h2>\n<p>Weil es wichtig ist, m\u00f6glichst fr\u00fch damit anzufangen, ist die Volksschule genau der richtige Ort f\u00fcr eine zus\u00e4tzliche Englischstunde.<\/p>\n<p><span style=\"color: #800080;\"><strong>Einf\u00fchrung einer Unverbindliche \u00dcbung Englisch in der Grundstufe I und Grundstufe II erg\u00e4nzend zum im Lehrplan vorgesehenen Englischunterricht ab dem Schuljahr 2019\/20.<\/strong><\/span><\/p>\n<p>Erg\u00e4nzend zum Unterricht findet man auf der Lernplattform &#8222;Skooly&#8220; f\u00fcr jede Schulstufe E-Books zu verschiedenen Themen.<\/p>\n<p><span style=\"color: #800080;\"><strong>Projektleiterin: Kate + qualifizierte Volkschullehrerin aus dem Team<\/strong><\/span><\/p>\n<p><img loading=\"lazy\" decoding=\"async\" class=\"wp-image-12783 aligncenter\" src=\"https:\/\/www.vs-halbturn.at\/wordpress\/wp-content\/uploads\/2023\/01\/fi5inomu264vffdnozyl7nlwz76jc3sachvcdoaizecfr3dnitcq_3_0.png\" alt=\"\" width=\"517\" height=\"291\" srcset=\"https:\/\/www.vs-halbturn.at\/wordpress\/wp-content\/uploads\/2023\/01\/fi5inomu264vffdnozyl7nlwz76jc3sachvcdoaizecfr3dnitcq_3_0.png 704w, https:\/\/www.vs-halbturn.at\/wordpress\/wp-content\/uploads\/2023\/01\/fi5inomu264vffdnozyl7nlwz76jc3sachvcdoaizecfr3dnitcq_3_0-624x351.png 624w\" sizes=\"auto, (max-width: 517px) 100vw, 517px\" \/><\/p>\n<h2><a href=\"https:\/\/prezi.com\/p\/btaguvnm-cus\/neuer-englischunterricht-an-burgenlands-volksschulen\/\">https:\/\/prezi.com\/p\/btaguvnm-cus\/neuer-englischunterricht-an-burgenlands-volksschulen\/<\/a><\/h2>\n<p>&nbsp;<\/p>\n<hr>\n<h2>&nbsp;<\/h2>\n<h2><span style=\"color: #800080;\"><strong>Die t\u00e4gliche Bewegungseinheit auf allen 4 Schulstufen<\/strong><br \/>\n<\/span><\/h2>\n<p>In Kooperation mit dem Sportministerium konnte auch in unserer Schule das Modell auf schulautonomer Basis eingerichtet werden. Jede Klasse erh\u00e4lt 1mal w\u00f6chentlich eine Trainereinheit von einem Bewegungscoach, die vom Landesdachverband bezahlt, verwaltet und durch den Landesschulrat koordiniert wird.<\/p>\n<p><strong><span style=\"color: #800080;\">Bewegungscoach bzw. Projektbegleitung: Anita<br \/>\n<\/span><\/strong><\/p>\n<p>Durch dieses Projekt k\u00f6nnen wir unsere Kinder vermehrt zu einer gesunden, gesundheitsbewussten und sportlich aktiven Lebensweise motivieren, denn Bewegung und Sport haben vielf\u00e4ltige positive Auswirkungen:<\/p>\n<ul>\n<li>Verbesserung der k\u00f6rperlichen Fitness<\/li>\n<li>St\u00e4rkung des Selbstbewusstseins<\/li>\n<li>Verbesserung der Konzentrationsf\u00e4higkeit<\/li>\n<li>F\u00f6rderung der sozialen Integration<\/li>\n<li>Beitrag zum Klimaschutz<\/li>\n<\/ul>\n<p><strong><span style=\"color: #800080;\">Weitere Projekte an der Schule zur F\u00f6rderung der sportlichen Aktivit\u00e4t:<\/span><\/strong><\/p>\n<ul>\n<li>Familienwandertag<\/li>\n<li>Martinilauf<\/li>\n<li>Walky Burgenland Extrem Tour&nbsp;<\/li>\n<li>Skitag<\/li>\n<li>Eislauftag<\/li>\n<li>Fu\u00dfballbezirksturnier<\/li>\n<li>Sporttag &#8222;Sportunion&#8220;<\/li>\n<li>Tennisschnupperstunden<\/li>\n<li>Tischtennisschnupperstunden<\/li>\n<li>Kinderyogaschnupperstunde<\/li>\n<\/ul>\n<p><span style=\"color: #000000;\">&nbsp;<img loading=\"lazy\" decoding=\"async\" class=\"wp-image-9618 alignleft\" src=\"https:\/\/www.vs-halbturn.at\/wordpress\/wp-content\/uploads\/2019\/11\/20191108_110011.jpg\" alt=\"\" width=\"355\" height=\"267\" srcset=\"https:\/\/www.vs-halbturn.at\/wordpress\/wp-content\/uploads\/2019\/11\/20191108_110011.jpg 4608w, https:\/\/www.vs-halbturn.at\/wordpress\/wp-content\/uploads\/2019\/11\/20191108_110011-768x576.jpg 768w, https:\/\/www.vs-halbturn.at\/wordpress\/wp-content\/uploads\/2019\/11\/20191108_110011-624x468.jpg 624w\" sizes=\"auto, (max-width: 355px) 100vw, 355px\" \/> <\/span><span style=\"color: #000000;\"><img loading=\"lazy\" decoding=\"async\" class=\"wp-image-9414 alignright\" src=\"https:\/\/www.vs-halbturn.at\/wordpress\/wp-content\/uploads\/2019\/10\/DSC06885.jpg\" alt=\"\" width=\"355\" height=\"266\" srcset=\"https:\/\/www.vs-halbturn.at\/wordpress\/wp-content\/uploads\/2019\/10\/DSC06885.jpg 4896w, https:\/\/www.vs-halbturn.at\/wordpress\/wp-content\/uploads\/2019\/10\/DSC06885-768x576.jpg 768w, https:\/\/www.vs-halbturn.at\/wordpress\/wp-content\/uploads\/2019\/10\/DSC06885-624x468.jpg 624w\" sizes=\"auto, (max-width: 355px) 100vw, 355px\" \/><img loading=\"lazy\" decoding=\"async\" class=\"wp-image-7360 alignleft\" src=\"https:\/\/www.vs-halbturn.at\/wordpress\/wp-content\/uploads\/2018\/06\/IMG_6014.jpg\" alt=\"\" width=\"355\" height=\"267\" srcset=\"https:\/\/www.vs-halbturn.at\/wordpress\/wp-content\/uploads\/2018\/06\/IMG_6014.jpg 4320w, https:\/\/www.vs-halbturn.at\/wordpress\/wp-content\/uploads\/2018\/06\/IMG_6014-768x576.jpg 768w, https:\/\/www.vs-halbturn.at\/wordpress\/wp-content\/uploads\/2018\/06\/IMG_6014-624x468.jpg 624w\" sizes=\"auto, (max-width: 355px) 100vw, 355px\" \/><img loading=\"lazy\" decoding=\"async\" class=\"wp-image-8559 alignright\" src=\"https:\/\/www.vs-halbturn.at\/wordpress\/wp-content\/uploads\/2019\/01\/IMG_6470.jpg\" alt=\"\" width=\"354\" height=\"266\" srcset=\"https:\/\/www.vs-halbturn.at\/wordpress\/wp-content\/uploads\/2019\/01\/IMG_6470.jpg 4320w, https:\/\/www.vs-halbturn.at\/wordpress\/wp-content\/uploads\/2019\/01\/IMG_6470-768x576.jpg 768w, https:\/\/www.vs-halbturn.at\/wordpress\/wp-content\/uploads\/2019\/01\/IMG_6470-624x468.jpg 624w\" sizes=\"auto, (max-width: 354px) 100vw, 354px\" \/><\/span><span style=\"color: #000000;\">&nbsp;<\/span><span style=\"color: #000000;\"> <img loading=\"lazy\" decoding=\"async\" class=\"wp-image-12832 alignleft\" src=\"https:\/\/www.vs-halbturn.at\/wordpress\/wp-content\/uploads\/2023\/01\/20160303_103609-scaled.jpg\" alt=\"\" width=\"355\" height=\"266\" srcset=\"https:\/\/www.vs-halbturn.at\/wordpress\/wp-content\/uploads\/2023\/01\/20160303_103609-scaled.jpg 2560w, https:\/\/www.vs-halbturn.at\/wordpress\/wp-content\/uploads\/2023\/01\/20160303_103609-768x576.jpg 768w, https:\/\/www.vs-halbturn.at\/wordpress\/wp-content\/uploads\/2023\/01\/20160303_103609-1536x1152.jpg 1536w, https:\/\/www.vs-halbturn.at\/wordpress\/wp-content\/uploads\/2023\/01\/20160303_103609-2048x1536.jpg 2048w, https:\/\/www.vs-halbturn.at\/wordpress\/wp-content\/uploads\/2023\/01\/20160303_103609-624x468.jpg 624w\" sizes=\"auto, (max-width: 355px) 100vw, 355px\" \/><\/span><\/p>\n<p><img loading=\"lazy\" decoding=\"async\" class=\"wp-image-12844 alignright\" src=\"https:\/\/www.vs-halbturn.at\/wordpress\/wp-content\/uploads\/2023\/01\/Sumsi-Cup-18052022-scaled.jpg\" alt=\"\" width=\"467\" height=\"311\"><\/p>\n<p>&nbsp;<\/p>\n<p>&nbsp;<\/p>\n<p>&nbsp;<\/p>\n<p>&nbsp;<\/p>\n<p>&nbsp;<\/p>\n<p>&nbsp;<\/p>\n<p>&nbsp;<\/p>\n<p>&nbsp;<\/p>\n<p>&nbsp;<\/p>\n<p>&nbsp;<\/p>\n<p>&nbsp;<\/p>\n<p>&nbsp;<\/p>\n<p><span style=\"color: #000000;\"><img loading=\"lazy\" decoding=\"async\" class=\"alignnone wp-image-14891\" src=\"https:\/\/www.vs-halbturn.at\/wordpress\/wp-content\/uploads\/2025\/01\/d637f5af-76a3-47bd-9361-53640456f1c7.jpg\" alt=\"\" width=\"410\" height=\"308\" srcset=\"https:\/\/www.vs-halbturn.at\/wordpress\/wp-content\/uploads\/2025\/01\/d637f5af-76a3-47bd-9361-53640456f1c7.jpg 1600w, https:\/\/www.vs-halbturn.at\/wordpress\/wp-content\/uploads\/2025\/01\/d637f5af-76a3-47bd-9361-53640456f1c7-768x576.jpg 768w, https:\/\/www.vs-halbturn.at\/wordpress\/wp-content\/uploads\/2025\/01\/d637f5af-76a3-47bd-9361-53640456f1c7-1536x1152.jpg 1536w, https:\/\/www.vs-halbturn.at\/wordpress\/wp-content\/uploads\/2025\/01\/d637f5af-76a3-47bd-9361-53640456f1c7-624x468.jpg 624w\" sizes=\"auto, (max-width: 410px) 100vw, 410px\" \/><br \/>\n<img loading=\"lazy\" decoding=\"async\" class=\"wp-image-8955 alignright\" src=\"https:\/\/www.vs-halbturn.at\/wordpress\/wp-content\/uploads\/2019\/06\/IMG_6726.jpg\" alt=\"\" width=\"355\" height=\"266\" srcset=\"https:\/\/www.vs-halbturn.at\/wordpress\/wp-content\/uploads\/2019\/06\/IMG_6726.jpg 4320w, https:\/\/www.vs-halbturn.at\/wordpress\/wp-content\/uploads\/2019\/06\/IMG_6726-768x576.jpg 768w, https:\/\/www.vs-halbturn.at\/wordpress\/wp-content\/uploads\/2019\/06\/IMG_6726-624x468.jpg 624w\" sizes=\"auto, (max-width: 355px) 100vw, 355px\" \/><\/span><\/p>\n<p>&nbsp;<\/p>\n<h2>&nbsp;<\/h2>\n<hr>\n<h2><span style=\"color: #800080;\">Gesunde Ern\u00e4hrung<br \/>\n<\/span><\/h2>\n<p><span style=\"color: #000000;\"><br \/>\nIn Zusammenarbeit mit der Landwirtschaftskammer und dem L\u00e4ndlichen Fortbildungsinstitut werden einige <span style=\"color: #800080;\"><strong>Workshops<\/strong><\/span> auf allen vier Schulstufen angeboten.<br \/>\nGeschule <span style=\"color: #800080;\"><strong>Seminarb\u00e4uerinnen<\/strong><\/span> besuchen unsere Schule regelm\u00e4\u00dfig und informieren die Kinder \u00fcber die <strong><span style=\"color: #800080;\">heimische Landwirtschaft und die regionale Lebensmittelproduktion<\/span><\/strong>. Ebenso soll das Bewusstsein f\u00fcr den Wert von regionalen, heimischen Lebensmitteln gesteigert und die Eigenverantwortung f\u00fcr eine gesundheitsf\u00f6rdernde Ern\u00e4hrung geweckt werden.. Im heurigen Schuljahr werden folgende Workshops angeboten:<\/span><\/p>\n<ul>\n<li><span style=\"color: #000000;\">Obst &#8211; Die Energiebombe<\/span><\/li>\n<li>Vom Korn zum Brot<\/li>\n<li>Alles rund um den Apfel<\/li>\n<li>Zucker macht Schule &#8211; Die coolen Zuckerdetektive<\/li>\n<li>Erdapfel &#8211; Die tolle Knolle<\/li>\n<\/ul>\n<p><span style=\"color: #000000;\">&nbsp;<\/span><\/p>\n<h3 style=\"text-align: center;\"><a href=\"https:\/\/www.vs-halbturn.at\/wordpress\/wp-content\/uploads\/2014\/12\/Gesund.jpg\"><img loading=\"lazy\" decoding=\"async\" class=\"alignnone wp-image-10071\" src=\"https:\/\/www.vs-halbturn.at\/wordpress\/wp-content\/uploads\/2020\/02\/20191118_114014.jpg\" alt=\"\" width=\"345\" height=\"259\" srcset=\"https:\/\/www.vs-halbturn.at\/wordpress\/wp-content\/uploads\/2020\/02\/20191118_114014.jpg 4608w, https:\/\/www.vs-halbturn.at\/wordpress\/wp-content\/uploads\/2020\/02\/20191118_114014-768x576.jpg 768w, https:\/\/www.vs-halbturn.at\/wordpress\/wp-content\/uploads\/2020\/02\/20191118_114014-624x468.jpg 624w\" sizes=\"auto, (max-width: 345px) 100vw, 345px\" \/><\/a><\/h3>\n<p>&nbsp;<\/p>\n<h3 style=\"text-align: center;\">&nbsp;<\/h3>\n<hr>\n<h2><span style=\"color: #800080;\">Kr\u00e4uterwanderungen durch den Halbturner Schlosspark<\/span><\/h2>\n<p>Bei unseren Kr\u00e4uterwanderungen durch den Halbturner Schlosspark, der direkt vor unserer Haust\u00fcre beginnt, entdecken wir im Fr\u00fchjahr mit dem <span style=\"color: #800080;\"><strong>Kr\u00e4uterp\u00e4dagogen Andreas Gisch<\/strong> <\/span>Kr\u00e4uter, wie z. B. Schafgarben, Spitzwegerich, B\u00e4rlauch, Vogelmiere &#8230;&nbsp;<\/p>\n<p>Herr Gisch erkl\u00e4rt uns anhand vieler Beispiele die Heilwirkung der Kr\u00e4uter, bereitet mit uns leckere Brotaufstriche zu und bindet mit uns Duftstr\u00e4u\u00dfe. Unter dem Schlangenbaum erz\u00e4hlt er uns Geschichten aus fr\u00fcheren Zeiten, wie z. B. die von der Anreise der Kaiserin Maria Theresia ins Schloss Halbturn, das sie als Jagdschloss nutzte. &#8230;<\/p>\n<div id=\"attachment_12866\" style=\"width: 392px\" class=\"wp-caption alignnone\"><img loading=\"lazy\" decoding=\"async\" aria-describedby=\"caption-attachment-12866\" class=\" wp-image-12866\" src=\"https:\/\/www.vs-halbturn.at\/wordpress\/wp-content\/uploads\/2023\/01\/IMG_20210628_091839-1-scaled.jpg\" alt=\"\" width=\"382\" height=\"287\" srcset=\"https:\/\/www.vs-halbturn.at\/wordpress\/wp-content\/uploads\/2023\/01\/IMG_20210628_091839-1-scaled.jpg 2560w, https:\/\/www.vs-halbturn.at\/wordpress\/wp-content\/uploads\/2023\/01\/IMG_20210628_091839-1-768x576.jpg 768w, https:\/\/www.vs-halbturn.at\/wordpress\/wp-content\/uploads\/2023\/01\/IMG_20210628_091839-1-1536x1152.jpg 1536w, https:\/\/www.vs-halbturn.at\/wordpress\/wp-content\/uploads\/2023\/01\/IMG_20210628_091839-1-2048x1536.jpg 2048w, https:\/\/www.vs-halbturn.at\/wordpress\/wp-content\/uploads\/2023\/01\/IMG_20210628_091839-1-624x468.jpg 624w\" sizes=\"auto, (max-width: 382px) 100vw, 382px\" \/><p id=\"caption-attachment-12866\" class=\"wp-caption-text\">dav<\/p><\/div>\n<h2><span style=\"color: #800080;\">\u201eKlimameilen\u201c<\/span><\/h2>\n<p><span style=\"color: #000000;\">Bei der <span style=\"color: #800080;\"><strong>Klimameilen-Aktion<\/strong><\/span> sammeln unsere Kinder mehrere Wochen im Schuljahr <a href=\"https:\/\/www.vs-halbturn.at\/wordpress\/wp-content\/uploads\/2014\/12\/Klima.jpg\"><img loading=\"lazy\" decoding=\"async\" class=\" wp-image-145 alignright\" src=\"https:\/\/www.vs-halbturn.at\/wordpress\/wp-content\/uploads\/2014\/12\/Klima-300x273.jpg\" alt=\"Klima\" width=\"252\" height=\"229\" srcset=\"https:\/\/www.vs-halbturn.at\/wordpress\/wp-content\/uploads\/2014\/12\/Klima-300x273.jpg 300w, https:\/\/www.vs-halbturn.at\/wordpress\/wp-content\/uploads\/2014\/12\/Klima.jpg 600w\" sizes=\"auto, (max-width: 252px) 100vw, 252px\" \/><\/a>\u201eKlimameilen\u201c.&nbsp; Eine \u201eKlimameile\u201c entspricht einem umweltfreundlich zur\u00fcckgelegten Schulweg. F\u00fcr jede Klimameile gibt es einen Aufkleber f\u00fcr das pers\u00f6nliche Sammelheft.<\/span><br \/>\n<span style=\"color: #000000;\"> Organisiert wird diese Kampagne vom <span style=\"color: #800080;\"><strong>Klimab\u00fcndnis<\/strong><\/span>, einer globalen Partnerschaft. Es verbindet Gemeinden in Europa mit V\u00f6lkern in S\u00fcdamerika.<br \/>\n<\/span><\/p>\n<p><span style=\"color: #800080;\"><strong>Ziel:<br \/>\nDurch die Klimameilen-Aktion wird der Weg zur Schule lustvoll, gesund und schont unser Klima.<\/strong><\/span><\/p>\n<p>&nbsp;<\/p>\n<hr>\n<h2>&nbsp;<\/h2>\n<h2><span style=\"color: #800080;\">Kooperation von Kindergarten und Volksschule mit dem Schwerpunkt der sprachlichen F\u00f6rderung<\/span><\/h2>\n<p><span style=\"color: #800080;\"><strong>Beschreibung:<\/strong><\/span><\/p>\n<ul>\n<li><span style=\"color: #000000;\">Geplant sind auch bei diesem Projekt gemeinsame Aktivit\u00e4ten mit dem Kindergarten, bei denen die Sprache im Mittelpunkt steht.<\/span><span style=\"color: #000000;\"><br \/>\n<\/span><\/li>\n<\/ul>\n<p><span style=\"color: #800080;\"><strong>Ziele:<\/strong><\/span><\/p>\n<ul>\n<li><span style=\"color: #000000;\">Kindergarten und Volksschule besser zu verzahnen und fr\u00fche individuelle Lernfenster optimal zu nutzen<\/span><\/li>\n<li><span style=\"color: #000000;\">\u201eBildungsbr\u00fccke\u201c errichten, die vom Kindergarten in die Volksschule f\u00fchrt<\/span><\/li>\n<li><span style=\"color: #000000;\">Kindergartenkinder begleitend zu unterst\u00fctzen, ihnen Wissen zur Verf\u00fcgung zu stellen und sie sozial und emotional zu st\u00e4rken (Vorfreude, Neugier, Stolz, Angst und Unsicherheit bew\u00e4ltigen)<\/span><\/li>\n<li><span style=\"color: #000000;\"><span style=\"color: #000000;\"><span style=\"color: #000000;\">Schulkinder in ihrer Rolle als Wissensvermittler in ihrer Pers\u00f6nlichkeit zu st\u00e4rken, Kooperationsf\u00e4higkeit, Kommunikationsf\u00e4higkeit und Verantwortungsbewusstsein zu f\u00f6rdern, Empathief\u00e4higkeit zu bilden und Lerninhalte zu vertiefen.<\/span><\/span><\/span>\n<div id=\"attachment_12814\" style=\"width: 448px\" class=\"wp-caption alignnone\"><img loading=\"lazy\" decoding=\"async\" aria-describedby=\"caption-attachment-12814\" class=\" wp-image-12814\" src=\"https:\/\/www.vs-halbturn.at\/wordpress\/wp-content\/uploads\/2023\/01\/IMG_20210630_095931-scaled.jpg\" alt=\"\" width=\"438\" height=\"329\" srcset=\"https:\/\/www.vs-halbturn.at\/wordpress\/wp-content\/uploads\/2023\/01\/IMG_20210630_095931-scaled.jpg 2560w, https:\/\/www.vs-halbturn.at\/wordpress\/wp-content\/uploads\/2023\/01\/IMG_20210630_095931-768x576.jpg 768w, https:\/\/www.vs-halbturn.at\/wordpress\/wp-content\/uploads\/2023\/01\/IMG_20210630_095931-1536x1152.jpg 1536w, https:\/\/www.vs-halbturn.at\/wordpress\/wp-content\/uploads\/2023\/01\/IMG_20210630_095931-2048x1536.jpg 2048w, https:\/\/www.vs-halbturn.at\/wordpress\/wp-content\/uploads\/2023\/01\/IMG_20210630_095931-624x468.jpg 624w\" sizes=\"auto, (max-width: 438px) 100vw, 438px\" \/><p id=\"caption-attachment-12814\" class=\"wp-caption-text\">dav<\/p><\/div>\n<p><span style=\"color: #000000;\"><span style=\"color: #000000;\"><img loading=\"lazy\" decoding=\"async\" class=\" wp-image-7356 aligncenter\" src=\"https:\/\/www.vs-halbturn.at\/wordpress\/wp-content\/uploads\/2018\/06\/DSC_0037-5000x3333.jpg\" alt=\"\" width=\"471\" height=\"314\" srcset=\"https:\/\/www.vs-halbturn.at\/wordpress\/wp-content\/uploads\/2018\/06\/DSC_0037-5000x3333.jpg 5000w, https:\/\/www.vs-halbturn.at\/wordpress\/wp-content\/uploads\/2018\/06\/DSC_0037-768x512.jpg 768w, https:\/\/www.vs-halbturn.at\/wordpress\/wp-content\/uploads\/2018\/06\/DSC_0037-624x416.jpg 624w\" sizes=\"auto, (max-width: 471px) 100vw, 471px\" \/><\/span><\/span><\/p>\n<hr>\n<\/li>\n<\/ul>\n<p>&nbsp;<\/p>\n<h2>&nbsp;<\/h2>\n<h2><span style=\"color: #800080;\">Saferkids &#8211; ein speziell f\u00fcr Volksschulen abgestimmtes Pr\u00e4ventionsprogramm<\/span><\/h2>\n<p>Immer wieder h\u00f6rt man von Gewalt gegen Kinder, und auch unter Kindern steigt die Aggression. Eine m\u00f6gliche Antwort auf diese Fragen k\u00f6nnte dieser Kurs sein. Hier lernen Kinder Gefahren zu erkennen und zu vermeiden, rechtzeitig Hilfe zu holen, ihren Standpunkt selbstsicher zu behaupten und sich mit K\u00f6pfchen und Selbstbewusstsein zu verteidigen &#8211; auch in dem Wissen, dass es keine 100%ige Sicherheit geben kann.<\/p>\n<p>Der Kurs Saferkids besteht aus 9 Unterrichtseinheiten zu je 50 Minuten. Sie werden im Turnsaal abgehalten. Haupts\u00e4chlich werden die Bereiche Pr\u00e4vention, Selbstbehauptung, Selbstverteidigung und Sicheres Fallen vermittelt.<\/p>\n<p><strong><span style=\"color: #800080;\">Kursleiter: Saferkids-Referent Werner Pfeffer, Akadem. Freizeitp\u00e4dagoge f\u00fcr Sport, Bewegungscoach, Staatlich gepr\u00fcfter Trainer<br \/>\n<\/span><\/strong><\/p>\n<p><img loading=\"lazy\" decoding=\"async\" class=\"alignnone wp-image-15491\" src=\"https:\/\/www.vs-halbturn.at\/wordpress\/wp-content\/uploads\/2025\/10\/20250912_092250-scaled.jpg\" alt=\"\" width=\"494\" height=\"371\" srcset=\"https:\/\/www.vs-halbturn.at\/wordpress\/wp-content\/uploads\/2025\/10\/20250912_092250-scaled.jpg 2560w, https:\/\/www.vs-halbturn.at\/wordpress\/wp-content\/uploads\/2025\/10\/20250912_092250-768x576.jpg 768w, https:\/\/www.vs-halbturn.at\/wordpress\/wp-content\/uploads\/2025\/10\/20250912_092250-1536x1152.jpg 1536w, https:\/\/www.vs-halbturn.at\/wordpress\/wp-content\/uploads\/2025\/10\/20250912_092250-2048x1536.jpg 2048w, https:\/\/www.vs-halbturn.at\/wordpress\/wp-content\/uploads\/2025\/10\/20250912_092250-624x468.jpg 624w\" sizes=\"auto, (max-width: 494px) 100vw, 494px\" \/><\/p>\n<p>&nbsp;<\/p>\n<h2>&nbsp; &nbsp; &nbsp; &nbsp; &nbsp; &nbsp; &nbsp; &nbsp; &nbsp; &nbsp; &nbsp; &nbsp; &nbsp; &nbsp; &nbsp; &nbsp; &nbsp; &nbsp; &nbsp; &nbsp; &nbsp; &nbsp; &nbsp; &nbsp; &nbsp; &nbsp; &nbsp; &nbsp; &nbsp; &nbsp; &nbsp; &nbsp; &nbsp; &nbsp; &nbsp; &nbsp; &nbsp; &nbsp; &nbsp; &nbsp; &nbsp; &nbsp; &nbsp; &nbsp; &nbsp; &nbsp; &nbsp; &nbsp; &nbsp; &nbsp; &nbsp; &nbsp; &nbsp; &nbsp; &nbsp; &nbsp; &nbsp; &nbsp; &nbsp; &nbsp; &nbsp; &nbsp; &nbsp; &nbsp; &nbsp; &nbsp; &nbsp; &nbsp; &nbsp; &nbsp; &nbsp; &nbsp; &nbsp; &nbsp; &nbsp; &nbsp; &nbsp; &nbsp; &nbsp; &nbsp; &nbsp; &nbsp; &nbsp; &nbsp; &nbsp; &nbsp; &nbsp; &nbsp; &nbsp; &nbsp; &nbsp; &nbsp; &nbsp; &nbsp; &nbsp; &nbsp; &nbsp; &nbsp; &nbsp; &nbsp; &nbsp; &nbsp; &nbsp; &nbsp; &nbsp; &nbsp; &nbsp; &nbsp; &nbsp; &nbsp; &nbsp;<\/h2>\n","protected":false},"excerpt":{"rendered":"<p>Projekte &nbsp; Wir sind Leseschule ausgezeichnet mit dem Burgenl\u00e4ndischen Leseg\u00fctesiegel in Gold. Unser Leseunterricht orientiert sich an drei S\u00e4ulen des Lesens, die das lesedidaktische Konzept bilden: Lesen trainieren, Lesen f\u00f6rdern und einen Zugang zu Sprache und Literatur vermitteln. Lesetraining &#8211; Lesen kann keinen Spa\u00df machen, wenn der Umgang mit Buchstaben, W\u00f6rtern, S\u00e4tzen und dem Verstehen [&hellip;]<\/p>\n","protected":false},"author":1,"featured_media":0,"parent":0,"menu_order":0,"comment_status":"closed","ping_status":"closed","template":"","meta":{"ngg_post_thumbnail":0,"footnotes":""},"class_list":["post-43","page","type-page","status-publish","hentry"],"_links":{"self":[{"href":"https:\/\/www.vs-halbturn.at\/wordpress\/wp-json\/wp\/v2\/pages\/43","targetHints":{"allow":["GET"]}}],"collection":[{"href":"https:\/\/www.vs-halbturn.at\/wordpress\/wp-json\/wp\/v2\/pages"}],"about":[{"href":"https:\/\/www.vs-halbturn.at\/wordpress\/wp-json\/wp\/v2\/types\/page"}],"author":[{"embeddable":true,"href":"https:\/\/www.vs-halbturn.at\/wordpress\/wp-json\/wp\/v2\/users\/1"}],"replies":[{"embeddable":true,"href":"https:\/\/www.vs-halbturn.at\/wordpress\/wp-json\/wp\/v2\/comments?post=43"}],"version-history":[{"count":181,"href":"https:\/\/www.vs-halbturn.at\/wordpress\/wp-json\/wp\/v2\/pages\/43\/revisions"}],"predecessor-version":[{"id":15494,"href":"https:\/\/www.vs-halbturn.at\/wordpress\/wp-json\/wp\/v2\/pages\/43\/revisions\/15494"}],"wp:attachment":[{"href":"https:\/\/www.vs-halbturn.at\/wordpress\/wp-json\/wp\/v2\/media?parent=43"}],"curies":[{"name":"wp","href":"https:\/\/api.w.org\/{rel}","templated":true}]}}